{"id":24753,"date":"2023-05-04T17:53:09","date_gmt":"2023-05-04T15:53:09","guid":{"rendered":"https:\/\/www.chamonixphotofestival.com\/the-team\/"},"modified":"2026-04-24T09:59:20","modified_gmt":"2026-04-24T07:59:20","slug":"the-team","status":"publish","type":"page","link":"https:\/\/www.chamonixphotofestival.com\/en\/the-team\/","title":{"rendered":"The team"},"content":{"rendered":"\t\t<div data-elementor-type=\"wp-page\" data-elementor-id=\"24753\" class=\"elementor elementor-24753 elementor-21177\" data-elementor-post-type=\"page\">\n\t\t\t\t\t\t<section class=\"elementor-section elementor-top-section elementor-element elementor-element-78eb212 elementor-section-boxed elementor-section-height-default elementor-section-height-default sc_fly_static\" data-id=\"78eb212\" data-element_type=\"section\" data-e-type=\"section\">\n\t\t\t\t\t\t<div class=\"elementor-container elementor-column-gap-extended\">\n\t\t\t\t\t<div class=\"elementor-column elementor-col-100 elementor-top-column elementor-element elementor-element-97365a4 sc_content_align_inherit sc_layouts_column_icons_position_left sc_fly_static\" data-id=\"97365a4\" data-element_type=\"column\" data-e-type=\"column\">\n\t\t\t<div class=\"elementor-widget-wrap\">\n\t\t\t\t\t\t\t<\/div>\n\t\t<\/div>\n\t\t\t\t\t<\/div>\n\t\t<\/section>\n\t\t\t\t<section class=\"elementor-section elementor-top-section elementor-element elementor-element-13a1e1db elementor-section-stretched elementor-section-full_width elementor-section-content-middle elementor-section-height-min-height elementor-section-height-default elementor-section-items-middle sc_fly_static\" data-id=\"13a1e1db\" data-element_type=\"section\" data-e-type=\"section\" data-settings=\"{&quot;stretch_section&quot;:&quot;section-stretched&quot;,&quot;background_background&quot;:&quot;classic&quot;}\">\n\t\t\t\t\t\t<div class=\"elementor-container elementor-column-gap-no\">\n\t\t\t\t\t<div class=\"elementor-column elementor-col-50 elementor-top-column elementor-element elementor-element-5288dcf0 sc_content_align_inherit sc_layouts_column_icons_position_left sc_fly_static\" data-id=\"5288dcf0\" data-element_type=\"column\" data-e-type=\"column\" data-settings=\"{&quot;background_background&quot;:&quot;classic&quot;}\">\n\t\t\t<div class=\"elementor-widget-wrap elementor-element-populated\">\n\t\t\t\t\t\t<div class=\"elementor-element elementor-element-3473ee30 sc_fly_static elementor-widget elementor-widget-spacer\" data-id=\"3473ee30\" data-element_type=\"widget\" data-e-type=\"widget\" data-widget_type=\"spacer.default\">\n\t\t\t\t<div class=\"elementor-widget-container\">\n\t\t\t\t\t\t\t<div class=\"elementor-spacer\">\n\t\t\t<div class=\"elementor-spacer-inner\"><\/div>\n\t\t<\/div>\n\t\t\t\t\t\t<\/div>\n\t\t\t\t<\/div>\n\t\t\t\t\t<\/div>\n\t\t<\/div>\n\t\t\t\t<div class=\"elementor-column elementor-col-50 elementor-top-column elementor-element elementor-element-4671f773 sc_inner_width_1_2 sc-mobile_inner_width_none sc-tablet_inner_width_none sc_content_align_inherit sc_layouts_column_icons_position_left sc_fly_static\" data-id=\"4671f773\" data-element_type=\"column\" data-e-type=\"column\">\n\t\t\t<div class=\"elementor-widget-wrap elementor-element-populated\">\n\t\t\t\t\t\t<div class=\"elementor-element elementor-element-6bef5f43 sc_fly_static elementor-widget elementor-widget-trx_sc_title\" data-id=\"6bef5f43\" data-element_type=\"widget\" data-e-type=\"widget\" data-widget_type=\"trx_sc_title.default\">\n\t\t\t\t<div class=\"elementor-widget-container\">\n\t\t\t\t\t<div\t\tclass=\"sc_title sc_title_default\" ><h1 class=\"sc_item_title sc_title_title sc_align_left sc_item_title_style_default sc_item_title_tag\"\n\t\t\t><span class=\"sc_item_title_text\">Association Chamonix Photo Nature Festival<\/span><\/h1><\/div>\t\t\t\t<\/div>\n\t\t\t\t<\/div>\n\t\t\t\t<div class=\"elementor-element elementor-element-1afe53bd sc_fly_static elementor-widget elementor-widget-text-editor\" data-id=\"1afe53bd\" data-element_type=\"widget\" data-e-type=\"widget\" data-widget_type=\"text-editor.default\">\n\t\t\t\t<div class=\"elementor-widget-container\">\n\t\t\t\t\t\t\t\t\t<p>United by a shared passion, the project first emerged within the Chamonix photography club. Initiated by photographers Mario Colonel and Pierre Raphoz, the Chamonix Photo Nature Festival association was created.<br>Une semaine apr\u00e8s sa cr\u00e9ation et le d\u00e9p\u00f4t des statuts, elle rassemble d\u00e9j\u00e0 une vingtaine d\u2019adh\u00e9rents qui sont autant de professionnels que d\u2019amateurs f\u00e9rus de l\u2019image.<br>Just one week after its founding and the official registration of its statutes, it had already brought together around twenty members, including both professionals and enthusiastic amateur photographers passionate about imagery.<\/p>\t\t\t\t\t\t\t\t<\/div>\n\t\t\t\t<\/div>\n\t\t\t\t\t<\/div>\n\t\t<\/div>\n\t\t\t\t\t<\/div>\n\t\t<\/section>\n\t\t\t\t<section class=\"elementor-section elementor-top-section elementor-element elementor-element-340370bd elementor-section-stretched scheme_dark elementor-section-boxed elementor-section-height-default elementor-section-height-default sc_fly_static\" data-id=\"340370bd\" data-element_type=\"section\" data-e-type=\"section\" data-settings=\"{&quot;stretch_section&quot;:&quot;section-stretched&quot;,&quot;background_background&quot;:&quot;classic&quot;}\">\n\t\t\t\t\t\t<div class=\"elementor-container elementor-column-gap-extended\">\n\t\t\t\t\t<div class=\"elementor-column elementor-col-100 elementor-top-column elementor-element elementor-element-3ae0f5c0 sc_content_align_inherit sc_layouts_column_icons_position_left sc_fly_static\" data-id=\"3ae0f5c0\" data-element_type=\"column\" data-e-type=\"column\">\n\t\t\t<div class=\"elementor-widget-wrap elementor-element-populated\">\n\t\t\t\t\t\t<section class=\"elementor-section elementor-inner-section elementor-element elementor-element-7f2da291 elementor-section-content-top elementor-section-boxed elementor-section-height-default elementor-section-height-default sc_fly_static\" data-id=\"7f2da291\" data-element_type=\"section\" data-e-type=\"section\">\n\t\t\t\t\t\t<div class=\"elementor-container elementor-column-gap-no\">\n\t\t\t\t\t<div class=\"elementor-column elementor-col-100 elementor-inner-column elementor-element elementor-element-637eb381 sc_content_align_inherit sc_layouts_column_icons_position_left sc_fly_static\" data-id=\"637eb381\" data-element_type=\"column\" data-e-type=\"column\">\n\t\t\t<div class=\"elementor-widget-wrap elementor-element-populated\">\n\t\t\t\t\t\t<div class=\"elementor-element elementor-element-6a45dedb sc_fly_static elementor-widget elementor-widget-trx_sc_title\" data-id=\"6a45dedb\" data-element_type=\"widget\" data-e-type=\"widget\" data-widget_type=\"trx_sc_title.default\">\n\t\t\t\t<div class=\"elementor-widget-container\">\n\t\t\t\t\t<div\t\tclass=\"sc_title sc_title_default\" ><h1 class=\"sc_item_title sc_title_title sc_item_title_style_default sc_item_title_tag\"\n\t\t\t><span class=\"sc_item_title_text\">The team <\/span><\/h1><\/div>\t\t\t\t<\/div>\n\t\t\t\t<\/div>\n\t\t\t\t<div class=\"elementor-element elementor-element-9532f47 sc_fly_static elementor-widget elementor-widget-heading\" data-id=\"9532f47\" data-element_type=\"widget\" data-e-type=\"widget\" data-widget_type=\"heading.default\">\n\t\t\t\t<div class=\"elementor-widget-container\">\n\t\t\t\t\t<h3 class=\"elementor-heading-title elementor-size-default\">BEHIND THE SCENES OF THE FESTIVAL<\/h3>\t\t\t\t<\/div>\n\t\t\t\t<\/div>\n\t\t\t\t\t<\/div>\n\t\t<\/div>\n\t\t\t\t\t<\/div>\n\t\t<\/section>\n\t\t\t\t\t<\/div>\n\t\t<\/div>\n\t\t\t\t\t<\/div>\n\t\t<\/section>\n\t\t\t\t<section class=\"elementor-section elementor-top-section elementor-element elementor-element-95086d2 elementor-section-boxed elementor-section-height-default elementor-section-height-default sc_fly_static\" data-id=\"95086d2\" data-element_type=\"section\" data-e-type=\"section\">\n\t\t\t\t\t\t<div class=\"elementor-container elementor-column-gap-extended\">\n\t\t\t\t\t<div class=\"elementor-column elementor-col-100 elementor-top-column elementor-element elementor-element-11a9fc0 sc_content_align_inherit sc_layouts_column_icons_position_left sc_fly_static\" data-id=\"11a9fc0\" data-element_type=\"column\" data-e-type=\"column\">\n\t\t\t<div class=\"elementor-widget-wrap\">\n\t\t\t\t\t\t\t<\/div>\n\t\t<\/div>\n\t\t\t\t\t<\/div>\n\t\t<\/section>\n\t\t<div class=\"elementor-element elementor-element-4aec7b4 e-flex e-con-boxed sc_layouts_column_icons_position_left e-con e-parent\" data-id=\"4aec7b4\" data-element_type=\"container\" data-e-type=\"container\">\n\t\t\t\t\t<div class=\"e-con-inner\">\n\t\t<div class=\"elementor-element elementor-element-b1f5ec1 e-con-full e-flex sc_layouts_column_icons_position_left e-con e-child\" data-id=\"b1f5ec1\" data-element_type=\"container\" data-e-type=\"container\">\n\t\t\t\t<div class=\"elementor-element elementor-element-a0a913e sc_fly_static elementor-widget elementor-widget-image\" data-id=\"a0a913e\" data-element_type=\"widget\" data-e-type=\"widget\" data-widget_type=\"image.default\">\n\t\t\t\t<div class=\"elementor-widget-container\">\n\t\t\t\t\t\t\t\t\t\t\t\t\t\t\t<img fetchpriority=\"high\" decoding=\"async\" width=\"800\" height=\"800\" src=\"https:\/\/www.chamonixphotofestival.com\/wp-content\/uploads\/2023\/05\/Mario-Colonel_Secre\u0301taire_2-2000px-72dpi_N_B.jpg\" class=\"attachment-large size-large wp-image-24525\" alt=\"\" srcset=\"https:\/\/www.chamonixphotofestival.com\/wp-content\/uploads\/2023\/05\/Mario-Colonel_Secre\u0301taire_2-2000px-72dpi_N_B.jpg 800w, https:\/\/www.chamonixphotofestival.com\/wp-content\/uploads\/2023\/05\/Mario-Colonel_Secre\u0301taire_2-2000px-72dpi_N_B-300x300.jpg 300w, https:\/\/www.chamonixphotofestival.com\/wp-content\/uploads\/2023\/05\/Mario-Colonel_Secre\u0301taire_2-2000px-72dpi_N_B-150x150.jpg 150w, https:\/\/www.chamonixphotofestival.com\/wp-content\/uploads\/2023\/05\/Mario-Colonel_Secre\u0301taire_2-2000px-72dpi_N_B-768x768.jpg 768w, https:\/\/www.chamonixphotofestival.com\/wp-content\/uploads\/2023\/05\/Mario-Colonel_Secre\u0301taire_2-2000px-72dpi_N_B-370x370.jpg 370w, https:\/\/www.chamonixphotofestival.com\/wp-content\/uploads\/2023\/05\/Mario-Colonel_Secre\u0301taire_2-2000px-72dpi_N_B-120x120.jpg 120w, https:\/\/www.chamonixphotofestival.com\/wp-content\/uploads\/2023\/05\/Mario-Colonel_Secre\u0301taire_2-2000px-72dpi_N_B-410x410.jpg 410w\" sizes=\"(max-width: 800px) 100vw, 800px\" \/>\t\t\t\t\t\t\t\t\t\t\t\t\t\t\t<\/div>\n\t\t\t\t<\/div>\n\t\t\t\t<div class=\"elementor-element elementor-element-9dda14b sc_fly_static elementor-widget elementor-widget-heading\" data-id=\"9dda14b\" data-element_type=\"widget\" data-e-type=\"widget\" data-widget_type=\"heading.default\">\n\t\t\t\t<div class=\"elementor-widget-container\">\n\t\t\t\t\t<h2 class=\"elementor-heading-title elementor-size-default\">Mario Colonel<\/h2>\t\t\t\t<\/div>\n\t\t\t\t<\/div>\n\t\t\t\t<div class=\"elementor-element elementor-element-f73c104 sc_fly_static elementor-widget elementor-widget-heading\" data-id=\"f73c104\" data-element_type=\"widget\" data-e-type=\"widget\" data-widget_type=\"heading.default\">\n\t\t\t\t<div class=\"elementor-widget-container\">\n\t\t\t\t\t<h3 class=\"elementor-heading-title elementor-size-default\">President<\/h3>\t\t\t\t<\/div>\n\t\t\t\t<\/div>\n\t\t\t\t<div class=\"elementor-element elementor-element-685d9a1 sc_fly_static elementor-widget elementor-widget-text-editor\" data-id=\"685d9a1\" data-element_type=\"widget\" data-e-type=\"widget\" data-widget_type=\"text-editor.default\">\n\t\t\t\t<div class=\"elementor-widget-container\">\n\t\t\t\t\t\t\t\t\t<p>Professional photographer, owner of his eponymous gallery, author of 27 books and the films \u201cDolma, The Little Khampa\u201d (2018) and \u201cEternal Mont Blanc\u201d (2024). In charge of commercial and communication coordination. Our celebrity, a misunderstood genius.  <\/p>\t\t\t\t\t\t\t\t<\/div>\n\t\t\t\t<\/div>\n\t\t\t\t<\/div>\n\t\t<div class=\"elementor-element elementor-element-2674f9f e-con-full e-flex sc_layouts_column_icons_position_left e-con e-child\" data-id=\"2674f9f\" data-element_type=\"container\" data-e-type=\"container\">\n\t\t\t\t<div class=\"elementor-element elementor-element-3b5eef6 sc_fly_static elementor-widget elementor-widget-image\" data-id=\"3b5eef6\" data-element_type=\"widget\" data-e-type=\"widget\" data-widget_type=\"image.default\">\n\t\t\t\t<div class=\"elementor-widget-container\">\n\t\t\t\t\t\t\t\t\t\t\t\t\t\t\t<img decoding=\"async\" width=\"800\" height=\"800\" src=\"https:\/\/www.chamonixphotofestival.com\/wp-content\/uploads\/2023\/05\/Benoi\u0308t-Roux_Vice-Pre\u0301sident-2000px-72dpi_N_B.jpg\" class=\"attachment-large size-large wp-image-24521\" alt=\"\" srcset=\"https:\/\/www.chamonixphotofestival.com\/wp-content\/uploads\/2023\/05\/Benoi\u0308t-Roux_Vice-Pre\u0301sident-2000px-72dpi_N_B.jpg 800w, https:\/\/www.chamonixphotofestival.com\/wp-content\/uploads\/2023\/05\/Benoi\u0308t-Roux_Vice-Pre\u0301sident-2000px-72dpi_N_B-300x300.jpg 300w, https:\/\/www.chamonixphotofestival.com\/wp-content\/uploads\/2023\/05\/Benoi\u0308t-Roux_Vice-Pre\u0301sident-2000px-72dpi_N_B-150x150.jpg 150w, https:\/\/www.chamonixphotofestival.com\/wp-content\/uploads\/2023\/05\/Benoi\u0308t-Roux_Vice-Pre\u0301sident-2000px-72dpi_N_B-768x768.jpg 768w, https:\/\/www.chamonixphotofestival.com\/wp-content\/uploads\/2023\/05\/Benoi\u0308t-Roux_Vice-Pre\u0301sident-2000px-72dpi_N_B-370x370.jpg 370w, https:\/\/www.chamonixphotofestival.com\/wp-content\/uploads\/2023\/05\/Benoi\u0308t-Roux_Vice-Pre\u0301sident-2000px-72dpi_N_B-120x120.jpg 120w, https:\/\/www.chamonixphotofestival.com\/wp-content\/uploads\/2023\/05\/Benoi\u0308t-Roux_Vice-Pre\u0301sident-2000px-72dpi_N_B-410x410.jpg 410w\" sizes=\"(max-width: 800px) 100vw, 800px\" \/>\t\t\t\t\t\t\t\t\t\t\t\t\t\t\t<\/div>\n\t\t\t\t<\/div>\n\t\t\t\t<div class=\"elementor-element elementor-element-67225fc sc_fly_static elementor-widget elementor-widget-heading\" data-id=\"67225fc\" data-element_type=\"widget\" data-e-type=\"widget\" data-widget_type=\"heading.default\">\n\t\t\t\t<div class=\"elementor-widget-container\">\n\t\t\t\t\t<h2 class=\"elementor-heading-title elementor-size-default\">Beno\u00eet Roux<\/h2>\t\t\t\t<\/div>\n\t\t\t\t<\/div>\n\t\t\t\t<div class=\"elementor-element elementor-element-cca3c43 sc_fly_static elementor-widget elementor-widget-heading\" data-id=\"cca3c43\" data-element_type=\"widget\" data-e-type=\"widget\" data-widget_type=\"heading.default\">\n\t\t\t\t<div class=\"elementor-widget-container\">\n\t\t\t\t\t<h3 class=\"elementor-heading-title elementor-size-default\">Vice President<\/h3>\t\t\t\t<\/div>\n\t\t\t\t<\/div>\n\t\t\t\t<div class=\"elementor-element elementor-element-59925f8 sc_fly_static elementor-widget elementor-widget-text-editor\" data-id=\"59925f8\" data-element_type=\"widget\" data-e-type=\"widget\" data-widget_type=\"text-editor.default\">\n\t\t\t\t<div class=\"elementor-widget-container\">\n\t\t\t\t\t\t\t\t\t<p>Event project manager and photography club facilitator. The great meeting coordinator. Patient and attentive, an Excel wizard\u2014he\u2019s the model student.  <\/p>\t\t\t\t\t\t\t\t<\/div>\n\t\t\t\t<\/div>\n\t\t\t\t<\/div>\n\t\t<div class=\"elementor-element elementor-element-9f6375e e-con-full e-flex sc_layouts_column_icons_position_left e-con e-child\" data-id=\"9f6375e\" data-element_type=\"container\" data-e-type=\"container\">\n\t\t\t\t<div class=\"elementor-element elementor-element-ab143d6 sc_fly_static elementor-widget elementor-widget-image\" data-id=\"ab143d6\" data-element_type=\"widget\" data-e-type=\"widget\" data-widget_type=\"image.default\">\n\t\t\t\t<div class=\"elementor-widget-container\">\n\t\t\t\t\t\t\t\t\t\t\t\t\t\t\t<img decoding=\"async\" width=\"1024\" height=\"1020\" src=\"https:\/\/www.chamonixphotofestival.com\/wp-content\/uploads\/2024\/09\/Nathalie_NB-3-1024x1020.jpg\" class=\"attachment-large size-large wp-image-26481\" alt=\"\" srcset=\"https:\/\/www.chamonixphotofestival.com\/wp-content\/uploads\/2024\/09\/Nathalie_NB-3-1024x1020.jpg 1024w, https:\/\/www.chamonixphotofestival.com\/wp-content\/uploads\/2024\/09\/Nathalie_NB-3-300x300.jpg 300w, https:\/\/www.chamonixphotofestival.com\/wp-content\/uploads\/2024\/09\/Nathalie_NB-3-150x150.jpg 150w, https:\/\/www.chamonixphotofestival.com\/wp-content\/uploads\/2024\/09\/Nathalie_NB-3-768x765.jpg 768w, https:\/\/www.chamonixphotofestival.com\/wp-content\/uploads\/2024\/09\/Nathalie_NB-3-1536x1530.jpg 1536w, https:\/\/www.chamonixphotofestival.com\/wp-content\/uploads\/2024\/09\/Nathalie_NB-3-2048x2040.jpg 2048w, https:\/\/www.chamonixphotofestival.com\/wp-content\/uploads\/2024\/09\/Nathalie_NB-3-370x370.jpg 370w, https:\/\/www.chamonixphotofestival.com\/wp-content\/uploads\/2024\/09\/Nathalie_NB-3-120x120.jpg 120w, https:\/\/www.chamonixphotofestival.com\/wp-content\/uploads\/2024\/09\/Nathalie_NB-3-840x837.jpg 840w, https:\/\/www.chamonixphotofestival.com\/wp-content\/uploads\/2024\/09\/Nathalie_NB-3-410x408.jpg 410w, https:\/\/www.chamonixphotofestival.com\/wp-content\/uploads\/2024\/09\/Nathalie_NB-3-600x598.jpg 600w\" sizes=\"(max-width: 1024px) 100vw, 1024px\" \/>\t\t\t\t\t\t\t\t\t\t\t\t\t\t\t<\/div>\n\t\t\t\t<\/div>\n\t\t\t\t<div class=\"elementor-element elementor-element-f419bb9 sc_fly_static elementor-widget elementor-widget-heading\" data-id=\"f419bb9\" data-element_type=\"widget\" data-e-type=\"widget\" data-widget_type=\"heading.default\">\n\t\t\t\t<div class=\"elementor-widget-container\">\n\t\t\t\t\t<h2 class=\"elementor-heading-title elementor-size-default\">Nathalie Etellin<\/h2>\t\t\t\t<\/div>\n\t\t\t\t<\/div>\n\t\t\t\t<div class=\"elementor-element elementor-element-9b6328d sc_fly_static elementor-widget elementor-widget-heading\" data-id=\"9b6328d\" data-element_type=\"widget\" data-e-type=\"widget\" data-widget_type=\"heading.default\">\n\t\t\t\t<div class=\"elementor-widget-container\">\n\t\t\t\t\t<h3 class=\"elementor-heading-title elementor-size-default\">Treasurer<\/h3>\t\t\t\t<\/div>\n\t\t\t\t<\/div>\n\t\t\t\t<div class=\"elementor-element elementor-element-35f1d5b sc_fly_static elementor-widget elementor-widget-text-editor\" data-id=\"35f1d5b\" data-element_type=\"widget\" data-e-type=\"widget\" data-widget_type=\"text-editor.default\">\n\t\t\t\t<div class=\"elementor-widget-container\">\n\t\t\t\t\t\t\t\t\t<p>Can count on her ten fingers and constantly says, \u201cNo, too expensive\u2014we don\u2019t have the budget.\u201d <span style=\"font-size: 16px; letter-spacing: 0px;\">The \u201ctic\u201d to Sophie\u2019s \u201ctac.\u201d<\/span><\/p>\t\t\t\t\t\t\t\t<\/div>\n\t\t\t\t<\/div>\n\t\t\t\t<\/div>\n\t\t<div class=\"elementor-element elementor-element-fb14e17 e-con-full e-flex sc_layouts_column_icons_position_left e-con e-child\" data-id=\"fb14e17\" data-element_type=\"container\" data-e-type=\"container\">\n\t\t\t\t<div class=\"elementor-element elementor-element-7940078 sc_fly_static elementor-widget elementor-widget-image\" data-id=\"7940078\" data-element_type=\"widget\" data-e-type=\"widget\" data-widget_type=\"image.default\">\n\t\t\t\t<div class=\"elementor-widget-container\">\n\t\t\t\t\t\t\t\t\t\t\t\t\t\t\t<img loading=\"lazy\" decoding=\"async\" width=\"1024\" height=\"1024\" src=\"https:\/\/www.chamonixphotofestival.com\/wp-content\/uploads\/2024\/09\/EZ81427-Modifier-2-1024x1024.jpg\" class=\"attachment-large size-large wp-image-26524\" alt=\"\" srcset=\"https:\/\/www.chamonixphotofestival.com\/wp-content\/uploads\/2024\/09\/EZ81427-Modifier-2-1024x1024.jpg 1024w, https:\/\/www.chamonixphotofestival.com\/wp-content\/uploads\/2024\/09\/EZ81427-Modifier-2-300x300.jpg 300w, https:\/\/www.chamonixphotofestival.com\/wp-content\/uploads\/2024\/09\/EZ81427-Modifier-2-150x150.jpg 150w, https:\/\/www.chamonixphotofestival.com\/wp-content\/uploads\/2024\/09\/EZ81427-Modifier-2-768x768.jpg 768w, https:\/\/www.chamonixphotofestival.com\/wp-content\/uploads\/2024\/09\/EZ81427-Modifier-2-1536x1536.jpg 1536w, https:\/\/www.chamonixphotofestival.com\/wp-content\/uploads\/2024\/09\/EZ81427-Modifier-2-2048x2048.jpg 2048w, https:\/\/www.chamonixphotofestival.com\/wp-content\/uploads\/2024\/09\/EZ81427-Modifier-2-370x370.jpg 370w, https:\/\/www.chamonixphotofestival.com\/wp-content\/uploads\/2024\/09\/EZ81427-Modifier-2-120x120.jpg 120w, https:\/\/www.chamonixphotofestival.com\/wp-content\/uploads\/2024\/09\/EZ81427-Modifier-2-840x840.jpg 840w, https:\/\/www.chamonixphotofestival.com\/wp-content\/uploads\/2024\/09\/EZ81427-Modifier-2-410x410.jpg 410w, https:\/\/www.chamonixphotofestival.com\/wp-content\/uploads\/2024\/09\/EZ81427-Modifier-2-600x600.jpg 600w\" sizes=\"(max-width: 1024px) 100vw, 1024px\" \/>\t\t\t\t\t\t\t\t\t\t\t\t\t\t\t<\/div>\n\t\t\t\t<\/div>\n\t\t\t\t<div class=\"elementor-element elementor-element-4371548 sc_fly_static elementor-widget elementor-widget-heading\" data-id=\"4371548\" data-element_type=\"widget\" data-e-type=\"widget\" data-widget_type=\"heading.default\">\n\t\t\t\t<div class=\"elementor-widget-container\">\n\t\t\t\t\t<h2 class=\"elementor-heading-title elementor-size-default\">Sophie Gazzano<\/h2>\t\t\t\t<\/div>\n\t\t\t\t<\/div>\n\t\t\t\t<div class=\"elementor-element elementor-element-0774cb8 sc_fly_static elementor-widget elementor-widget-heading\" data-id=\"0774cb8\" data-element_type=\"widget\" data-e-type=\"widget\" data-widget_type=\"heading.default\">\n\t\t\t\t<div class=\"elementor-widget-container\">\n\t\t\t\t\t<h3 class=\"elementor-heading-title elementor-size-default\">Deputy Treasurer<\/h3>\t\t\t\t<\/div>\n\t\t\t\t<\/div>\n\t\t\t\t<div class=\"elementor-element elementor-element-083e29f sc_fly_static elementor-widget elementor-widget-text-editor\" data-id=\"083e29f\" data-element_type=\"widget\" data-e-type=\"widget\" data-widget_type=\"text-editor.default\">\n\t\t\t\t<div class=\"elementor-widget-container\">\n\t\t\t\t\t\t\t\t\t<p>Editor-in-chief of meeting reports. The office magician who turns chaos into neatly organized files. The \u201ctac\u201d to Nathalie\u2019s \u201ctic.\u201d  <\/p>\t\t\t\t\t\t\t\t<\/div>\n\t\t\t\t<\/div>\n\t\t\t\t<\/div>\n\t\t<div class=\"elementor-element elementor-element-7f79f7d e-con-full e-flex sc_layouts_column_icons_position_left e-con e-child\" data-id=\"7f79f7d\" data-element_type=\"container\" data-e-type=\"container\">\n\t\t\t\t<div class=\"elementor-element elementor-element-47b48b0 sc_fly_static elementor-widget elementor-widget-image\" data-id=\"47b48b0\" data-element_type=\"widget\" data-e-type=\"widget\" data-widget_type=\"image.default\">\n\t\t\t\t<div class=\"elementor-widget-container\">\n\t\t\t\t\t\t\t\t\t\t\t\t\t\t\t<img loading=\"lazy\" decoding=\"async\" width=\"800\" height=\"800\" src=\"https:\/\/www.chamonixphotofestival.com\/wp-content\/uploads\/2023\/05\/Baptiste-Deturche-2000px-72dpi_N_B.jpg\" class=\"attachment-large size-large wp-image-24520\" alt=\"\" srcset=\"https:\/\/www.chamonixphotofestival.com\/wp-content\/uploads\/2023\/05\/Baptiste-Deturche-2000px-72dpi_N_B.jpg 800w, https:\/\/www.chamonixphotofestival.com\/wp-content\/uploads\/2023\/05\/Baptiste-Deturche-2000px-72dpi_N_B-300x300.jpg 300w, https:\/\/www.chamonixphotofestival.com\/wp-content\/uploads\/2023\/05\/Baptiste-Deturche-2000px-72dpi_N_B-150x150.jpg 150w, https:\/\/www.chamonixphotofestival.com\/wp-content\/uploads\/2023\/05\/Baptiste-Deturche-2000px-72dpi_N_B-768x768.jpg 768w, https:\/\/www.chamonixphotofestival.com\/wp-content\/uploads\/2023\/05\/Baptiste-Deturche-2000px-72dpi_N_B-370x370.jpg 370w, https:\/\/www.chamonixphotofestival.com\/wp-content\/uploads\/2023\/05\/Baptiste-Deturche-2000px-72dpi_N_B-120x120.jpg 120w, https:\/\/www.chamonixphotofestival.com\/wp-content\/uploads\/2023\/05\/Baptiste-Deturche-2000px-72dpi_N_B-410x410.jpg 410w\" sizes=\"(max-width: 800px) 100vw, 800px\" \/>\t\t\t\t\t\t\t\t\t\t\t\t\t\t\t<\/div>\n\t\t\t\t<\/div>\n\t\t\t\t<div class=\"elementor-element elementor-element-4d51d7f sc_fly_static elementor-widget elementor-widget-heading\" data-id=\"4d51d7f\" data-element_type=\"widget\" data-e-type=\"widget\" data-widget_type=\"heading.default\">\n\t\t\t\t<div class=\"elementor-widget-container\">\n\t\t\t\t\t<h2 class=\"elementor-heading-title elementor-size-default\">Baptiste Deturche<\/h2>\t\t\t\t<\/div>\n\t\t\t\t<\/div>\n\t\t\t\t<div class=\"elementor-element elementor-element-8d86235 sc_fly_static elementor-widget elementor-widget-heading\" data-id=\"8d86235\" data-element_type=\"widget\" data-e-type=\"widget\" data-widget_type=\"heading.default\">\n\t\t\t\t<div class=\"elementor-widget-container\">\n\t\t\t\t\t<h3 class=\"elementor-heading-title elementor-size-default\">Organization<\/h3>\t\t\t\t<\/div>\n\t\t\t\t<\/div>\n\t\t\t\t<div class=\"elementor-element elementor-element-7a80006 sc_fly_static elementor-widget elementor-widget-text-editor\" data-id=\"7a80006\" data-element_type=\"widget\" data-e-type=\"widget\" data-widget_type=\"text-editor.default\">\n\t\t\t\t<div class=\"elementor-widget-container\">\n\t\t\t\t\t\t\t\t\t<p>Cin\u00e9aste animalier et r\u00e9alisateur des films <em>Fjellrev, la qu\u00eate scandinave<\/em> (2020), <em>Le Pari<\/em> (2023), <em>Le Secret du Loup d&#8217;\u00c9thiopie<\/em> (2025). Notre \u0153il artistique, s\u00e9v\u00e8re mais juste, un bon gars. <\/p>\t\t\t\t\t\t\t\t<\/div>\n\t\t\t\t<\/div>\n\t\t\t\t<\/div>\n\t\t<div class=\"elementor-element elementor-element-eb45907 e-con-full e-flex sc_layouts_column_icons_position_left e-con e-child\" data-id=\"eb45907\" data-element_type=\"container\" data-e-type=\"container\">\n\t\t\t\t<div class=\"elementor-element elementor-element-30a296c sc_fly_static elementor-widget elementor-widget-image\" data-id=\"30a296c\" data-element_type=\"widget\" data-e-type=\"widget\" data-widget_type=\"image.default\">\n\t\t\t\t<div class=\"elementor-widget-container\">\n\t\t\t\t\t\t\t\t\t\t\t\t\t\t\t<img loading=\"lazy\" decoding=\"async\" width=\"800\" height=\"800\" src=\"https:\/\/www.chamonixphotofestival.com\/wp-content\/uploads\/2023\/05\/Le\u0301a-Calori_2-2000px-72dpi_N_B.jpg\" class=\"attachment-large size-large wp-image-24524\" alt=\"\" srcset=\"https:\/\/www.chamonixphotofestival.com\/wp-content\/uploads\/2023\/05\/Le\u0301a-Calori_2-2000px-72dpi_N_B.jpg 800w, https:\/\/www.chamonixphotofestival.com\/wp-content\/uploads\/2023\/05\/Le\u0301a-Calori_2-2000px-72dpi_N_B-300x300.jpg 300w, https:\/\/www.chamonixphotofestival.com\/wp-content\/uploads\/2023\/05\/Le\u0301a-Calori_2-2000px-72dpi_N_B-150x150.jpg 150w, https:\/\/www.chamonixphotofestival.com\/wp-content\/uploads\/2023\/05\/Le\u0301a-Calori_2-2000px-72dpi_N_B-768x768.jpg 768w, https:\/\/www.chamonixphotofestival.com\/wp-content\/uploads\/2023\/05\/Le\u0301a-Calori_2-2000px-72dpi_N_B-370x370.jpg 370w, https:\/\/www.chamonixphotofestival.com\/wp-content\/uploads\/2023\/05\/Le\u0301a-Calori_2-2000px-72dpi_N_B-120x120.jpg 120w, https:\/\/www.chamonixphotofestival.com\/wp-content\/uploads\/2023\/05\/Le\u0301a-Calori_2-2000px-72dpi_N_B-410x410.jpg 410w\" sizes=\"(max-width: 800px) 100vw, 800px\" \/>\t\t\t\t\t\t\t\t\t\t\t\t\t\t\t<\/div>\n\t\t\t\t<\/div>\n\t\t\t\t<div class=\"elementor-element elementor-element-e355ae3 sc_fly_static elementor-widget elementor-widget-heading\" data-id=\"e355ae3\" data-element_type=\"widget\" data-e-type=\"widget\" data-widget_type=\"heading.default\">\n\t\t\t\t<div class=\"elementor-widget-container\">\n\t\t\t\t\t<h2 class=\"elementor-heading-title elementor-size-default\">L\u00e9a Calori<\/h2>\t\t\t\t<\/div>\n\t\t\t\t<\/div>\n\t\t\t\t<div class=\"elementor-element elementor-element-4477910 sc_fly_static elementor-widget elementor-widget-heading\" data-id=\"4477910\" data-element_type=\"widget\" data-e-type=\"widget\" data-widget_type=\"heading.default\">\n\t\t\t\t<div class=\"elementor-widget-container\">\n\t\t\t\t\t<h3 class=\"elementor-heading-title elementor-size-default\">Organization<\/h3>\t\t\t\t<\/div>\n\t\t\t\t<\/div>\n\t\t\t\t<div class=\"elementor-element elementor-element-8896ac1 sc_fly_static elementor-widget elementor-widget-text-editor\" data-id=\"8896ac1\" data-element_type=\"widget\" data-e-type=\"widget\" data-widget_type=\"text-editor.default\">\n\t\t\t\t<div class=\"elementor-widget-container\">\n\t\t\t\t\t\t\t\t\t<p>Mountain photographer who has participated in numerous festivals. he designed the poster! A professional macarena dancer in her spare time. <\/p>\t\t\t\t\t\t\t\t<\/div>\n\t\t\t\t<\/div>\n\t\t\t\t<\/div>\n\t\t<div class=\"elementor-element elementor-element-cf56609 e-con-full e-flex sc_layouts_column_icons_position_left e-con e-child\" data-id=\"cf56609\" data-element_type=\"container\" data-e-type=\"container\">\n\t\t\t\t<div class=\"elementor-element elementor-element-0ae47cd sc_fly_static elementor-widget elementor-widget-image\" data-id=\"0ae47cd\" data-element_type=\"widget\" data-e-type=\"widget\" data-widget_type=\"image.default\">\n\t\t\t\t<div class=\"elementor-widget-container\">\n\t\t\t\t\t\t\t\t\t\t\t\t\t\t\t<img loading=\"lazy\" decoding=\"async\" width=\"800\" height=\"800\" src=\"https:\/\/www.chamonixphotofestival.com\/wp-content\/uploads\/2023\/05\/Bernadette-Tsuda_2-2000px-72dpi_N_B.jpg\" class=\"attachment-large size-large wp-image-24522\" alt=\"\" srcset=\"https:\/\/www.chamonixphotofestival.com\/wp-content\/uploads\/2023\/05\/Bernadette-Tsuda_2-2000px-72dpi_N_B.jpg 800w, https:\/\/www.chamonixphotofestival.com\/wp-content\/uploads\/2023\/05\/Bernadette-Tsuda_2-2000px-72dpi_N_B-300x300.jpg 300w, https:\/\/www.chamonixphotofestival.com\/wp-content\/uploads\/2023\/05\/Bernadette-Tsuda_2-2000px-72dpi_N_B-150x150.jpg 150w, https:\/\/www.chamonixphotofestival.com\/wp-content\/uploads\/2023\/05\/Bernadette-Tsuda_2-2000px-72dpi_N_B-768x768.jpg 768w, https:\/\/www.chamonixphotofestival.com\/wp-content\/uploads\/2023\/05\/Bernadette-Tsuda_2-2000px-72dpi_N_B-370x370.jpg 370w, https:\/\/www.chamonixphotofestival.com\/wp-content\/uploads\/2023\/05\/Bernadette-Tsuda_2-2000px-72dpi_N_B-120x120.jpg 120w, https:\/\/www.chamonixphotofestival.com\/wp-content\/uploads\/2023\/05\/Bernadette-Tsuda_2-2000px-72dpi_N_B-410x410.jpg 410w\" sizes=\"(max-width: 800px) 100vw, 800px\" \/>\t\t\t\t\t\t\t\t\t\t\t\t\t\t\t<\/div>\n\t\t\t\t<\/div>\n\t\t\t\t<div class=\"elementor-element elementor-element-90ed01c sc_fly_static elementor-widget elementor-widget-heading\" data-id=\"90ed01c\" data-element_type=\"widget\" data-e-type=\"widget\" data-widget_type=\"heading.default\">\n\t\t\t\t<div class=\"elementor-widget-container\">\n\t\t\t\t\t<h2 class=\"elementor-heading-title elementor-size-default\">Bernadette Tsuda<\/h2>\t\t\t\t<\/div>\n\t\t\t\t<\/div>\n\t\t\t\t<div class=\"elementor-element elementor-element-154b21f sc_fly_static elementor-widget elementor-widget-heading\" data-id=\"154b21f\" data-element_type=\"widget\" data-e-type=\"widget\" data-widget_type=\"heading.default\">\n\t\t\t\t<div class=\"elementor-widget-container\">\n\t\t\t\t\t<h3 class=\"elementor-heading-title elementor-size-default\">Organization<\/h3>\t\t\t\t<\/div>\n\t\t\t\t<\/div>\n\t\t\t\t<div class=\"elementor-element elementor-element-2295aa7 sc_fly_static elementor-widget elementor-widget-text-editor\" data-id=\"2295aa7\" data-element_type=\"widget\" data-e-type=\"widget\" data-widget_type=\"text-editor.default\">\n\t\t\t\t<div class=\"elementor-widget-container\">\n\t\t\t\t\t\t\t\t\t<p>She\u2019s simply delightful! A multilingual heritage guide, often out exploring and always with her camera. Eats breadsticks every Thursday during meetings.  <\/p>\t\t\t\t\t\t\t\t<\/div>\n\t\t\t\t<\/div>\n\t\t\t\t<\/div>\n\t\t<div class=\"elementor-element elementor-element-842fdbf e-con-full e-flex sc_layouts_column_icons_position_left e-con e-child\" data-id=\"842fdbf\" data-element_type=\"container\" data-e-type=\"container\">\n\t\t\t\t<div class=\"elementor-element elementor-element-724847e sc_fly_static elementor-widget elementor-widget-image\" data-id=\"724847e\" data-element_type=\"widget\" data-e-type=\"widget\" data-widget_type=\"image.default\">\n\t\t\t\t<div class=\"elementor-widget-container\">\n\t\t\t\t\t\t\t\t\t\t\t\t\t\t\t<img loading=\"lazy\" decoding=\"async\" width=\"1024\" height=\"1024\" src=\"https:\/\/www.chamonixphotofestival.com\/wp-content\/uploads\/2024\/09\/EZ81461-Modifier-2-1024x1024.jpg\" class=\"attachment-large size-large wp-image-26529\" alt=\"\" srcset=\"https:\/\/www.chamonixphotofestival.com\/wp-content\/uploads\/2024\/09\/EZ81461-Modifier-2-1024x1024.jpg 1024w, https:\/\/www.chamonixphotofestival.com\/wp-content\/uploads\/2024\/09\/EZ81461-Modifier-2-300x300.jpg 300w, https:\/\/www.chamonixphotofestival.com\/wp-content\/uploads\/2024\/09\/EZ81461-Modifier-2-150x150.jpg 150w, https:\/\/www.chamonixphotofestival.com\/wp-content\/uploads\/2024\/09\/EZ81461-Modifier-2-768x768.jpg 768w, https:\/\/www.chamonixphotofestival.com\/wp-content\/uploads\/2024\/09\/EZ81461-Modifier-2-1536x1536.jpg 1536w, https:\/\/www.chamonixphotofestival.com\/wp-content\/uploads\/2024\/09\/EZ81461-Modifier-2-2048x2048.jpg 2048w, https:\/\/www.chamonixphotofestival.com\/wp-content\/uploads\/2024\/09\/EZ81461-Modifier-2-370x370.jpg 370w, https:\/\/www.chamonixphotofestival.com\/wp-content\/uploads\/2024\/09\/EZ81461-Modifier-2-120x120.jpg 120w, https:\/\/www.chamonixphotofestival.com\/wp-content\/uploads\/2024\/09\/EZ81461-Modifier-2-840x840.jpg 840w, https:\/\/www.chamonixphotofestival.com\/wp-content\/uploads\/2024\/09\/EZ81461-Modifier-2-410x410.jpg 410w, https:\/\/www.chamonixphotofestival.com\/wp-content\/uploads\/2024\/09\/EZ81461-Modifier-2-600x600.jpg 600w\" sizes=\"(max-width: 1024px) 100vw, 1024px\" \/>\t\t\t\t\t\t\t\t\t\t\t\t\t\t\t<\/div>\n\t\t\t\t<\/div>\n\t\t\t\t<div class=\"elementor-element elementor-element-2d46d54 sc_fly_static elementor-widget elementor-widget-heading\" data-id=\"2d46d54\" data-element_type=\"widget\" data-e-type=\"widget\" data-widget_type=\"heading.default\">\n\t\t\t\t<div class=\"elementor-widget-container\">\n\t\t\t\t\t<h2 class=\"elementor-heading-title elementor-size-default\">Alain Michel<\/h2>\t\t\t\t<\/div>\n\t\t\t\t<\/div>\n\t\t\t\t<div class=\"elementor-element elementor-element-2859de8 sc_fly_static elementor-widget elementor-widget-heading\" data-id=\"2859de8\" data-element_type=\"widget\" data-e-type=\"widget\" data-widget_type=\"heading.default\">\n\t\t\t\t<div class=\"elementor-widget-container\">\n\t\t\t\t\t<h3 class=\"elementor-heading-title elementor-size-default\">Organization<\/h3>\t\t\t\t<\/div>\n\t\t\t\t<\/div>\n\t\t\t\t<div class=\"elementor-element elementor-element-376e5ed sc_fly_static elementor-widget elementor-widget-text-editor\" data-id=\"376e5ed\" data-element_type=\"widget\" data-e-type=\"widget\" data-widget_type=\"text-editor.default\">\n\t\t\t\t<div class=\"elementor-widget-container\">\n\t\t\t\t\t\t\t\t\t<p>A very active retiree, a photographer at heart and always searching for the perfect angle. Senior intern and voted the office\u2019s \u201cbest-looking guy.\u201d<\/p>\t\t\t\t\t\t\t\t<\/div>\n\t\t\t\t<\/div>\n\t\t\t\t<\/div>\n\t\t<div class=\"elementor-element elementor-element-178ba5b e-con-full e-flex sc_layouts_column_icons_position_left e-con e-child\" data-id=\"178ba5b\" data-element_type=\"container\" data-e-type=\"container\">\n\t\t\t\t<div class=\"elementor-element elementor-element-1fb45b7 sc_fly_static elementor-widget elementor-widget-image\" data-id=\"1fb45b7\" data-element_type=\"widget\" data-e-type=\"widget\" data-widget_type=\"image.default\">\n\t\t\t\t<div class=\"elementor-widget-container\">\n\t\t\t\t\t\t\t\t\t\t\t\t\t\t\t<img loading=\"lazy\" decoding=\"async\" width=\"1024\" height=\"1024\" src=\"https:\/\/www.chamonixphotofestival.com\/wp-content\/uploads\/2024\/09\/EZ81439-Modifier-2-1024x1024.jpg\" class=\"attachment-large size-large wp-image-26526\" alt=\"\" srcset=\"https:\/\/www.chamonixphotofestival.com\/wp-content\/uploads\/2024\/09\/EZ81439-Modifier-2-1024x1024.jpg 1024w, https:\/\/www.chamonixphotofestival.com\/wp-content\/uploads\/2024\/09\/EZ81439-Modifier-2-300x300.jpg 300w, https:\/\/www.chamonixphotofestival.com\/wp-content\/uploads\/2024\/09\/EZ81439-Modifier-2-150x150.jpg 150w, https:\/\/www.chamonixphotofestival.com\/wp-content\/uploads\/2024\/09\/EZ81439-Modifier-2-768x768.jpg 768w, https:\/\/www.chamonixphotofestival.com\/wp-content\/uploads\/2024\/09\/EZ81439-Modifier-2-1536x1536.jpg 1536w, https:\/\/www.chamonixphotofestival.com\/wp-content\/uploads\/2024\/09\/EZ81439-Modifier-2-2048x2048.jpg 2048w, https:\/\/www.chamonixphotofestival.com\/wp-content\/uploads\/2024\/09\/EZ81439-Modifier-2-370x370.jpg 370w, https:\/\/www.chamonixphotofestival.com\/wp-content\/uploads\/2024\/09\/EZ81439-Modifier-2-120x120.jpg 120w, https:\/\/www.chamonixphotofestival.com\/wp-content\/uploads\/2024\/09\/EZ81439-Modifier-2-840x840.jpg 840w, https:\/\/www.chamonixphotofestival.com\/wp-content\/uploads\/2024\/09\/EZ81439-Modifier-2-410x410.jpg 410w, https:\/\/www.chamonixphotofestival.com\/wp-content\/uploads\/2024\/09\/EZ81439-Modifier-2-600x600.jpg 600w\" sizes=\"(max-width: 1024px) 100vw, 1024px\" \/>\t\t\t\t\t\t\t\t\t\t\t\t\t\t\t<\/div>\n\t\t\t\t<\/div>\n\t\t\t\t<div class=\"elementor-element elementor-element-22c7afd sc_fly_static elementor-widget elementor-widget-heading\" data-id=\"22c7afd\" data-element_type=\"widget\" data-e-type=\"widget\" data-widget_type=\"heading.default\">\n\t\t\t\t<div class=\"elementor-widget-container\">\n\t\t\t\t\t<h2 class=\"elementor-heading-title elementor-size-default\">Salom\u00e9 Clabaut<\/h2>\t\t\t\t<\/div>\n\t\t\t\t<\/div>\n\t\t\t\t<div class=\"elementor-element elementor-element-17abead sc_fly_static elementor-widget elementor-widget-heading\" data-id=\"17abead\" data-element_type=\"widget\" data-e-type=\"widget\" data-widget_type=\"heading.default\">\n\t\t\t\t<div class=\"elementor-widget-container\">\n\t\t\t\t\t<h3 class=\"elementor-heading-title elementor-size-default\">Secretary (under duress)<\/h3>\t\t\t\t<\/div>\n\t\t\t\t<\/div>\n\t\t\t\t<div class=\"elementor-element elementor-element-6a50aef sc_fly_static elementor-widget elementor-widget-text-editor\" data-id=\"6a50aef\" data-element_type=\"widget\" data-e-type=\"widget\" data-widget_type=\"text-editor.default\">\n\t\t\t\t<div class=\"elementor-widget-container\">\n\t\t\t\t\t\t\t\t\t<p>Handles complaints (always with a smile) and manages volunteers. A fan of Claude Fran\u00e7ois and hates onions. <\/p>\t\t\t\t\t\t\t\t<\/div>\n\t\t\t\t<\/div>\n\t\t\t\t<\/div>\n\t\t<div class=\"elementor-element elementor-element-4217ba3 e-con-full e-flex sc_layouts_column_icons_position_left e-con e-child\" data-id=\"4217ba3\" data-element_type=\"container\" data-e-type=\"container\">\n\t\t\t\t<div class=\"elementor-element elementor-element-e358565 sc_fly_static elementor-widget elementor-widget-image\" data-id=\"e358565\" data-element_type=\"widget\" data-e-type=\"widget\" data-widget_type=\"image.default\">\n\t\t\t\t<div class=\"elementor-widget-container\">\n\t\t\t\t\t\t\t\t\t\t\t\t\t\t\t<img loading=\"lazy\" decoding=\"async\" width=\"1024\" height=\"1024\" src=\"https:\/\/www.chamonixphotofestival.com\/wp-content\/uploads\/2024\/09\/4973e2a4-bb34-4028-8780-68c23ed04299-1024x1024.jpg\" class=\"attachment-large size-large wp-image-26531\" alt=\"\" srcset=\"https:\/\/www.chamonixphotofestival.com\/wp-content\/uploads\/2024\/09\/4973e2a4-bb34-4028-8780-68c23ed04299-1024x1024.jpg 1024w, https:\/\/www.chamonixphotofestival.com\/wp-content\/uploads\/2024\/09\/4973e2a4-bb34-4028-8780-68c23ed04299-300x300.jpg 300w, https:\/\/www.chamonixphotofestival.com\/wp-content\/uploads\/2024\/09\/4973e2a4-bb34-4028-8780-68c23ed04299-150x150.jpg 150w, https:\/\/www.chamonixphotofestival.com\/wp-content\/uploads\/2024\/09\/4973e2a4-bb34-4028-8780-68c23ed04299-768x768.jpg 768w, https:\/\/www.chamonixphotofestival.com\/wp-content\/uploads\/2024\/09\/4973e2a4-bb34-4028-8780-68c23ed04299-370x370.jpg 370w, https:\/\/www.chamonixphotofestival.com\/wp-content\/uploads\/2024\/09\/4973e2a4-bb34-4028-8780-68c23ed04299-120x120.jpg 120w, https:\/\/www.chamonixphotofestival.com\/wp-content\/uploads\/2024\/09\/4973e2a4-bb34-4028-8780-68c23ed04299-840x840.jpg 840w, https:\/\/www.chamonixphotofestival.com\/wp-content\/uploads\/2024\/09\/4973e2a4-bb34-4028-8780-68c23ed04299-410x410.jpg 410w, https:\/\/www.chamonixphotofestival.com\/wp-content\/uploads\/2024\/09\/4973e2a4-bb34-4028-8780-68c23ed04299-600x600.jpg 600w, https:\/\/www.chamonixphotofestival.com\/wp-content\/uploads\/2024\/09\/4973e2a4-bb34-4028-8780-68c23ed04299.jpg 1066w\" sizes=\"(max-width: 1024px) 100vw, 1024px\" \/>\t\t\t\t\t\t\t\t\t\t\t\t\t\t\t<\/div>\n\t\t\t\t<\/div>\n\t\t\t\t<div class=\"elementor-element elementor-element-c82eda7 sc_fly_static elementor-widget elementor-widget-heading\" data-id=\"c82eda7\" data-element_type=\"widget\" data-e-type=\"widget\" data-widget_type=\"heading.default\">\n\t\t\t\t<div class=\"elementor-widget-container\">\n\t\t\t\t\t<h2 class=\"elementor-heading-title elementor-size-default\">Liv Villard<\/h2>\t\t\t\t<\/div>\n\t\t\t\t<\/div>\n\t\t\t\t<div class=\"elementor-element elementor-element-0d2bcf6 sc_fly_static elementor-widget elementor-widget-heading\" data-id=\"0d2bcf6\" data-element_type=\"widget\" data-e-type=\"widget\" data-widget_type=\"heading.default\">\n\t\t\t\t<div class=\"elementor-widget-container\">\n\t\t\t\t\t<h3 class=\"elementor-heading-title elementor-size-default\">Organization<\/h3>\t\t\t\t<\/div>\n\t\t\t\t<\/div>\n\t\t\t\t<div class=\"elementor-element elementor-element-d19a56d sc_fly_static elementor-widget elementor-widget-text-editor\" data-id=\"d19a56d\" data-element_type=\"widget\" data-e-type=\"widget\" data-widget_type=\"text-editor.default\">\n\t\t\t\t<div class=\"elementor-widget-container\">\n\t\t\t\t\t\t\t\t\t<p>The youngest member, our event wildcard. Can\u2019t walk more than 10 meters without running into someone she knows. <\/p>\t\t\t\t\t\t\t\t<\/div>\n\t\t\t\t<\/div>\n\t\t\t\t<\/div>\n\t\t<div class=\"elementor-element elementor-element-a816798 e-con-full e-flex sc_layouts_column_icons_position_left e-con e-child\" data-id=\"a816798\" data-element_type=\"container\" data-e-type=\"container\">\n\t\t\t\t<div class=\"elementor-element elementor-element-265e9f6 sc_fly_static elementor-widget elementor-widget-image\" data-id=\"265e9f6\" data-element_type=\"widget\" data-e-type=\"widget\" data-widget_type=\"image.default\">\n\t\t\t\t<div class=\"elementor-widget-container\">\n\t\t\t\t\t\t\t\t\t\t\t\t\t\t\t<img loading=\"lazy\" decoding=\"async\" width=\"1024\" height=\"1024\" src=\"https:\/\/www.chamonixphotofestival.com\/wp-content\/uploads\/2024\/10\/ERC_8833-Modifier-2-1024x1024.jpg\" class=\"attachment-large size-large wp-image-26900\" alt=\"\" srcset=\"https:\/\/www.chamonixphotofestival.com\/wp-content\/uploads\/2024\/10\/ERC_8833-Modifier-2-1024x1024.jpg 1024w, https:\/\/www.chamonixphotofestival.com\/wp-content\/uploads\/2024\/10\/ERC_8833-Modifier-2-300x300.jpg 300w, https:\/\/www.chamonixphotofestival.com\/wp-content\/uploads\/2024\/10\/ERC_8833-Modifier-2-150x150.jpg 150w, https:\/\/www.chamonixphotofestival.com\/wp-content\/uploads\/2024\/10\/ERC_8833-Modifier-2-768x768.jpg 768w, https:\/\/www.chamonixphotofestival.com\/wp-content\/uploads\/2024\/10\/ERC_8833-Modifier-2-1536x1536.jpg 1536w, https:\/\/www.chamonixphotofestival.com\/wp-content\/uploads\/2024\/10\/ERC_8833-Modifier-2-2048x2048.jpg 2048w, https:\/\/www.chamonixphotofestival.com\/wp-content\/uploads\/2024\/10\/ERC_8833-Modifier-2-370x370.jpg 370w, https:\/\/www.chamonixphotofestival.com\/wp-content\/uploads\/2024\/10\/ERC_8833-Modifier-2-120x120.jpg 120w, https:\/\/www.chamonixphotofestival.com\/wp-content\/uploads\/2024\/10\/ERC_8833-Modifier-2-840x840.jpg 840w, https:\/\/www.chamonixphotofestival.com\/wp-content\/uploads\/2024\/10\/ERC_8833-Modifier-2-410x410.jpg 410w, https:\/\/www.chamonixphotofestival.com\/wp-content\/uploads\/2024\/10\/ERC_8833-Modifier-2-600x600.jpg 600w\" sizes=\"(max-width: 1024px) 100vw, 1024px\" \/>\t\t\t\t\t\t\t\t\t\t\t\t\t\t\t<\/div>\n\t\t\t\t<\/div>\n\t\t\t\t<div class=\"elementor-element elementor-element-3d718e7 sc_fly_static elementor-widget elementor-widget-heading\" data-id=\"3d718e7\" data-element_type=\"widget\" data-e-type=\"widget\" data-widget_type=\"heading.default\">\n\t\t\t\t<div class=\"elementor-widget-container\">\n\t\t\t\t\t<h2 class=\"elementor-heading-title elementor-size-default\">Guillaume Mollier<\/h2>\t\t\t\t<\/div>\n\t\t\t\t<\/div>\n\t\t\t\t<div class=\"elementor-element elementor-element-ff63f77 sc_fly_static elementor-widget elementor-widget-heading\" data-id=\"ff63f77\" data-element_type=\"widget\" data-e-type=\"widget\" data-widget_type=\"heading.default\">\n\t\t\t\t<div class=\"elementor-widget-container\">\n\t\t\t\t\t<h3 class=\"elementor-heading-title elementor-size-default\">Organization<\/h3>\t\t\t\t<\/div>\n\t\t\t\t<\/div>\n\t\t\t\t<div class=\"elementor-element elementor-element-17d0601 sc_fly_static elementor-widget elementor-widget-text-editor\" data-id=\"17d0601\" data-element_type=\"widget\" data-e-type=\"widget\" data-widget_type=\"text-editor.default\">\n\t\t\t\t<div class=\"elementor-widget-container\">\n\t\t\t\t\t\t\t\t\t<p>A free spirit, high-altitude photographer and a bit of a visionary. Our chief electrician knows how to get the current flowing and bring the light.<\/p>\t\t\t\t\t\t\t\t<\/div>\n\t\t\t\t<\/div>\n\t\t\t\t<\/div>\n\t\t<div class=\"elementor-element elementor-element-4e32b2a e-con-full e-flex sc_layouts_column_icons_position_left e-con e-child\" data-id=\"4e32b2a\" data-element_type=\"container\" data-e-type=\"container\">\n\t\t\t\t<div class=\"elementor-element elementor-element-dd9bc2d sc_fly_static elementor-widget elementor-widget-image\" data-id=\"dd9bc2d\" data-element_type=\"widget\" data-e-type=\"widget\" data-widget_type=\"image.default\">\n\t\t\t\t<div class=\"elementor-widget-container\">\n\t\t\t\t\t\t\t\t\t\t\t\t\t\t\t<img loading=\"lazy\" decoding=\"async\" width=\"791\" height=\"1024\" src=\"https:\/\/www.chamonixphotofestival.com\/wp-content\/uploads\/2025\/10\/WhatsApp-Image-2025-10-06-a-20.22.37_a9be6cd0-791x1024.jpg\" class=\"attachment-large size-large wp-image-28334\" alt=\"\" srcset=\"https:\/\/www.chamonixphotofestival.com\/wp-content\/uploads\/2025\/10\/WhatsApp-Image-2025-10-06-a-20.22.37_a9be6cd0-791x1024.jpg 791w, https:\/\/www.chamonixphotofestival.com\/wp-content\/uploads\/2025\/10\/WhatsApp-Image-2025-10-06-a-20.22.37_a9be6cd0-232x300.jpg 232w, https:\/\/www.chamonixphotofestival.com\/wp-content\/uploads\/2025\/10\/WhatsApp-Image-2025-10-06-a-20.22.37_a9be6cd0-768x994.jpg 768w, https:\/\/www.chamonixphotofestival.com\/wp-content\/uploads\/2025\/10\/WhatsApp-Image-2025-10-06-a-20.22.37_a9be6cd0-370x479.jpg 370w, https:\/\/www.chamonixphotofestival.com\/wp-content\/uploads\/2025\/10\/WhatsApp-Image-2025-10-06-a-20.22.37_a9be6cd0-840x1087.jpg 840w, https:\/\/www.chamonixphotofestival.com\/wp-content\/uploads\/2025\/10\/WhatsApp-Image-2025-10-06-a-20.22.37_a9be6cd0-410x531.jpg 410w, https:\/\/www.chamonixphotofestival.com\/wp-content\/uploads\/2025\/10\/WhatsApp-Image-2025-10-06-a-20.22.37_a9be6cd0-600x777.jpg 600w, https:\/\/www.chamonixphotofestival.com\/wp-content\/uploads\/2025\/10\/WhatsApp-Image-2025-10-06-a-20.22.37_a9be6cd0.jpg 1063w\" sizes=\"(max-width: 791px) 100vw, 791px\" \/>\t\t\t\t\t\t\t\t\t\t\t\t\t\t\t<\/div>\n\t\t\t\t<\/div>\n\t\t\t\t<div class=\"elementor-element elementor-element-85e6b02 sc_fly_static elementor-widget elementor-widget-heading\" data-id=\"85e6b02\" data-element_type=\"widget\" data-e-type=\"widget\" data-widget_type=\"heading.default\">\n\t\t\t\t<div class=\"elementor-widget-container\">\n\t\t\t\t\t<h2 class=\"elementor-heading-title elementor-size-default\">Michel Lefebvre<\/h2>\t\t\t\t<\/div>\n\t\t\t\t<\/div>\n\t\t\t\t<div class=\"elementor-element elementor-element-e6ccfb7 sc_fly_static elementor-widget elementor-widget-heading\" data-id=\"e6ccfb7\" data-element_type=\"widget\" data-e-type=\"widget\" data-widget_type=\"heading.default\">\n\t\t\t\t<div class=\"elementor-widget-container\">\n\t\t\t\t\t<h3 class=\"elementor-heading-title elementor-size-default\">Organization<\/h3>\t\t\t\t<\/div>\n\t\t\t\t<\/div>\n\t\t\t\t<div class=\"elementor-element elementor-element-1066f6e sc_fly_static elementor-widget elementor-widget-text-editor\" data-id=\"1066f6e\" data-element_type=\"widget\" data-e-type=\"widget\" data-widget_type=\"text-editor.default\">\n\t\t\t\t<div class=\"elementor-widget-container\">\n\t\t\t\t\t\t\t\t\t<p><span style=\"font-weight: 400;\">High-mountain sculptor and summit scenographer. Belgian\u2014so always has fries and waffles within reach. A chainsaw-wielding Michelangelo.  <\/span><\/p>\t\t\t\t\t\t\t\t<\/div>\n\t\t\t\t<\/div>\n\t\t\t\t<\/div>\n\t\t<div class=\"elementor-element elementor-element-1a81d98 e-con-full e-flex sc_layouts_column_icons_position_left e-con e-child\" data-id=\"1a81d98\" data-element_type=\"container\" data-e-type=\"container\">\n\t\t\t\t<div class=\"elementor-element elementor-element-b320101 sc_fly_static elementor-widget elementor-widget-image\" data-id=\"b320101\" data-element_type=\"widget\" data-e-type=\"widget\" data-widget_type=\"image.default\">\n\t\t\t\t<div class=\"elementor-widget-container\">\n\t\t\t\t\t\t\t\t\t\t\t\t\t\t\t<img loading=\"lazy\" decoding=\"async\" width=\"678\" height=\"1024\" src=\"https:\/\/www.chamonixphotofestival.com\/wp-content\/uploads\/2025\/10\/WhatsApp-Image-2025-10-06-a-20.23.08_c3e2c962-678x1024.jpg\" class=\"attachment-large size-large wp-image-28336\" alt=\"\" srcset=\"https:\/\/www.chamonixphotofestival.com\/wp-content\/uploads\/2025\/10\/WhatsApp-Image-2025-10-06-a-20.23.08_c3e2c962-678x1024.jpg 678w, https:\/\/www.chamonixphotofestival.com\/wp-content\/uploads\/2025\/10\/WhatsApp-Image-2025-10-06-a-20.23.08_c3e2c962-199x300.jpg 199w, https:\/\/www.chamonixphotofestival.com\/wp-content\/uploads\/2025\/10\/WhatsApp-Image-2025-10-06-a-20.23.08_c3e2c962-768x1160.jpg 768w, https:\/\/www.chamonixphotofestival.com\/wp-content\/uploads\/2025\/10\/WhatsApp-Image-2025-10-06-a-20.23.08_c3e2c962-1017x1536.jpg 1017w, https:\/\/www.chamonixphotofestival.com\/wp-content\/uploads\/2025\/10\/WhatsApp-Image-2025-10-06-a-20.23.08_c3e2c962-370x559.jpg 370w, https:\/\/www.chamonixphotofestival.com\/wp-content\/uploads\/2025\/10\/WhatsApp-Image-2025-10-06-a-20.23.08_c3e2c962-840x1269.jpg 840w, https:\/\/www.chamonixphotofestival.com\/wp-content\/uploads\/2025\/10\/WhatsApp-Image-2025-10-06-a-20.23.08_c3e2c962-410x619.jpg 410w, https:\/\/www.chamonixphotofestival.com\/wp-content\/uploads\/2025\/10\/WhatsApp-Image-2025-10-06-a-20.23.08_c3e2c962-600x907.jpg 600w, https:\/\/www.chamonixphotofestival.com\/wp-content\/uploads\/2025\/10\/WhatsApp-Image-2025-10-06-a-20.23.08_c3e2c962.jpg 1059w\" sizes=\"(max-width: 678px) 100vw, 678px\" \/>\t\t\t\t\t\t\t\t\t\t\t\t\t\t\t<\/div>\n\t\t\t\t<\/div>\n\t\t\t\t<div class=\"elementor-element elementor-element-62943f9 sc_fly_static elementor-widget elementor-widget-heading\" data-id=\"62943f9\" data-element_type=\"widget\" data-e-type=\"widget\" data-widget_type=\"heading.default\">\n\t\t\t\t<div class=\"elementor-widget-container\">\n\t\t\t\t\t<h2 class=\"elementor-heading-title elementor-size-default\">Alexandre Ducroz Salon<\/h2>\t\t\t\t<\/div>\n\t\t\t\t<\/div>\n\t\t\t\t<div class=\"elementor-element elementor-element-9f00a09 sc_fly_static elementor-widget elementor-widget-heading\" data-id=\"9f00a09\" data-element_type=\"widget\" data-e-type=\"widget\" data-widget_type=\"heading.default\">\n\t\t\t\t<div class=\"elementor-widget-container\">\n\t\t\t\t\t<h3 class=\"elementor-heading-title elementor-size-default\">Organization<\/h3>\t\t\t\t<\/div>\n\t\t\t\t<\/div>\n\t\t\t\t<div class=\"elementor-element elementor-element-79b3471 sc_fly_static elementor-widget elementor-widget-text-editor\" data-id=\"79b3471\" data-element_type=\"widget\" data-e-type=\"widget\" data-widget_type=\"text-editor.default\">\n\t\t\t\t<div class=\"elementor-widget-container\">\n\t\t\t\t\t\t\t\t\t<p><span style=\"font-weight: 400;\">A true Savoyard Swiss Army knife: technician, logistics expert, and behind-the-scenes photographer. Pulls off miracles and fixes cables. The MacGyver of the team  <\/span><\/p>\t\t\t\t\t\t\t\t<\/div>\n\t\t\t\t<\/div>\n\t\t\t\t<\/div>\n\t\t<div class=\"elementor-element elementor-element-a16c044 e-con-full e-flex sc_layouts_column_icons_position_left e-con e-child\" data-id=\"a16c044\" data-element_type=\"container\" data-e-type=\"container\">\n\t\t\t\t<div class=\"elementor-element elementor-element-de92016 sc_fly_static elementor-widget elementor-widget-image\" data-id=\"de92016\" data-element_type=\"widget\" data-e-type=\"widget\" data-widget_type=\"image.default\">\n\t\t\t\t<div class=\"elementor-widget-container\">\n\t\t\t\t\t\t\t\t\t\t\t\t\t\t\t<img loading=\"lazy\" decoding=\"async\" width=\"800\" height=\"800\" src=\"https:\/\/www.chamonixphotofestival.com\/wp-content\/uploads\/2026\/03\/Angelique-Batard-1.jpg\" class=\"attachment-large size-large wp-image-28861\" alt=\"\" srcset=\"https:\/\/www.chamonixphotofestival.com\/wp-content\/uploads\/2026\/03\/Angelique-Batard-1.jpg 800w, https:\/\/www.chamonixphotofestival.com\/wp-content\/uploads\/2026\/03\/Angelique-Batard-1-300x300.jpg 300w, https:\/\/www.chamonixphotofestival.com\/wp-content\/uploads\/2026\/03\/Angelique-Batard-1-150x150.jpg 150w, https:\/\/www.chamonixphotofestival.com\/wp-content\/uploads\/2026\/03\/Angelique-Batard-1-768x768.jpg 768w, https:\/\/www.chamonixphotofestival.com\/wp-content\/uploads\/2026\/03\/Angelique-Batard-1-370x370.jpg 370w, https:\/\/www.chamonixphotofestival.com\/wp-content\/uploads\/2026\/03\/Angelique-Batard-1-120x120.jpg 120w, https:\/\/www.chamonixphotofestival.com\/wp-content\/uploads\/2026\/03\/Angelique-Batard-1-410x410.jpg 410w, https:\/\/www.chamonixphotofestival.com\/wp-content\/uploads\/2026\/03\/Angelique-Batard-1-600x600.jpg 600w\" sizes=\"(max-width: 800px) 100vw, 800px\" \/>\t\t\t\t\t\t\t\t\t\t\t\t\t\t\t<\/div>\n\t\t\t\t<\/div>\n\t\t\t\t<div class=\"elementor-element elementor-element-54c9607 sc_fly_static elementor-widget elementor-widget-heading\" data-id=\"54c9607\" data-element_type=\"widget\" data-e-type=\"widget\" data-widget_type=\"heading.default\">\n\t\t\t\t<div class=\"elementor-widget-container\">\n\t\t\t\t\t<h2 class=\"elementor-heading-title elementor-size-default\">Ang\u00e9lique Batard<\/h2>\t\t\t\t<\/div>\n\t\t\t\t<\/div>\n\t\t\t\t<div class=\"elementor-element elementor-element-0d0dcd4 sc_fly_static elementor-widget elementor-widget-heading\" data-id=\"0d0dcd4\" data-element_type=\"widget\" data-e-type=\"widget\" data-widget_type=\"heading.default\">\n\t\t\t\t<div class=\"elementor-widget-container\">\n\t\t\t\t\t<h3 class=\"elementor-heading-title elementor-size-default\">Organization<\/h3>\t\t\t\t<\/div>\n\t\t\t\t<\/div>\n\t\t\t\t<div class=\"elementor-element elementor-element-756f03e sc_fly_static elementor-widget elementor-widget-text-editor\" data-id=\"756f03e\" data-element_type=\"widget\" data-e-type=\"widget\" data-widget_type=\"text-editor.default\">\n\t\t\t\t<div class=\"elementor-widget-container\">\n\t\t\t\t\t\t\t\t\t<p>The voice of the festival and the writer behind the editorials. Just as at home with a microphone as she is with a pen, she can even chat away without taking a breath\u00a0<\/p>\t\t\t\t\t\t\t\t<\/div>\n\t\t\t\t<\/div>\n\t\t\t\t<\/div>\n\t\t<div class=\"elementor-element elementor-element-25a7293 e-con-full e-flex sc_layouts_column_icons_position_left e-con e-child\" data-id=\"25a7293\" data-element_type=\"container\" data-e-type=\"container\">\n\t\t\t\t<div class=\"elementor-element elementor-element-9fd3486 sc_fly_static elementor-widget elementor-widget-image\" data-id=\"9fd3486\" data-element_type=\"widget\" data-e-type=\"widget\" data-widget_type=\"image.default\">\n\t\t\t\t<div class=\"elementor-widget-container\">\n\t\t\t\t\t\t\t\t\t\t\t\t\t\t\t<img loading=\"lazy\" decoding=\"async\" width=\"800\" height=\"800\" src=\"https:\/\/www.chamonixphotofestival.com\/wp-content\/uploads\/2026\/03\/Philippe-Lamotte.jpg\" class=\"attachment-large size-large wp-image-28862\" alt=\"\" srcset=\"https:\/\/www.chamonixphotofestival.com\/wp-content\/uploads\/2026\/03\/Philippe-Lamotte.jpg 800w, https:\/\/www.chamonixphotofestival.com\/wp-content\/uploads\/2026\/03\/Philippe-Lamotte-300x300.jpg 300w, https:\/\/www.chamonixphotofestival.com\/wp-content\/uploads\/2026\/03\/Philippe-Lamotte-150x150.jpg 150w, https:\/\/www.chamonixphotofestival.com\/wp-content\/uploads\/2026\/03\/Philippe-Lamotte-768x768.jpg 768w, https:\/\/www.chamonixphotofestival.com\/wp-content\/uploads\/2026\/03\/Philippe-Lamotte-370x370.jpg 370w, https:\/\/www.chamonixphotofestival.com\/wp-content\/uploads\/2026\/03\/Philippe-Lamotte-120x120.jpg 120w, https:\/\/www.chamonixphotofestival.com\/wp-content\/uploads\/2026\/03\/Philippe-Lamotte-410x410.jpg 410w, https:\/\/www.chamonixphotofestival.com\/wp-content\/uploads\/2026\/03\/Philippe-Lamotte-600x600.jpg 600w\" sizes=\"(max-width: 800px) 100vw, 800px\" \/>\t\t\t\t\t\t\t\t\t\t\t\t\t\t\t<\/div>\n\t\t\t\t<\/div>\n\t\t\t\t<div class=\"elementor-element elementor-element-e1c9bea sc_fly_static elementor-widget elementor-widget-heading\" data-id=\"e1c9bea\" data-element_type=\"widget\" data-e-type=\"widget\" data-widget_type=\"heading.default\">\n\t\t\t\t<div class=\"elementor-widget-container\">\n\t\t\t\t\t<h2 class=\"elementor-heading-title elementor-size-default\">Philippe Lamotte,<\/h2>\t\t\t\t<\/div>\n\t\t\t\t<\/div>\n\t\t\t\t<div class=\"elementor-element elementor-element-5068b7b sc_fly_static elementor-widget elementor-widget-heading\" data-id=\"5068b7b\" data-element_type=\"widget\" data-e-type=\"widget\" data-widget_type=\"heading.default\">\n\t\t\t\t<div class=\"elementor-widget-container\">\n\t\t\t\t\t<h3 class=\"elementor-heading-title elementor-size-default\">Organization<\/h3>\t\t\t\t<\/div>\n\t\t\t\t<\/div>\n\t\t\t\t<div class=\"elementor-element elementor-element-baaa962 sc_fly_static elementor-widget elementor-widget-text-editor\" data-id=\"baaa962\" data-element_type=\"widget\" data-e-type=\"widget\" data-widget_type=\"text-editor.default\">\n\t\t\t\t<div class=\"elementor-widget-container\">\n\t\t\t\t\t\t\t\t\t<p>Former HR director in Switzerland, an inspired photographer. Our wizard of communication. We\u2019re counting on him to bring us back some chocolate \u00a0\u00a0<\/p>\t\t\t\t\t\t\t\t<\/div>\n\t\t\t\t<\/div>\n\t\t\t\t<\/div>\n\t\t<div class=\"elementor-element elementor-element-8140973 e-con-full e-flex sc_layouts_column_icons_position_left e-con e-child\" data-id=\"8140973\" data-element_type=\"container\" data-e-type=\"container\">\n\t\t\t\t<div class=\"elementor-element elementor-element-1abec0c sc_fly_static elementor-widget elementor-widget-image\" data-id=\"1abec0c\" data-element_type=\"widget\" data-e-type=\"widget\" data-widget_type=\"image.default\">\n\t\t\t\t<div class=\"elementor-widget-container\">\n\t\t\t\t\t\t\t\t\t\t\t\t\t\t\t<img loading=\"lazy\" decoding=\"async\" width=\"800\" height=\"800\" src=\"https:\/\/www.chamonixphotofestival.com\/wp-content\/uploads\/2026\/03\/Philippe-Mollaret.jpg\" class=\"attachment-large size-large wp-image-28863\" alt=\"\" srcset=\"https:\/\/www.chamonixphotofestival.com\/wp-content\/uploads\/2026\/03\/Philippe-Mollaret.jpg 800w, https:\/\/www.chamonixphotofestival.com\/wp-content\/uploads\/2026\/03\/Philippe-Mollaret-300x300.jpg 300w, https:\/\/www.chamonixphotofestival.com\/wp-content\/uploads\/2026\/03\/Philippe-Mollaret-150x150.jpg 150w, https:\/\/www.chamonixphotofestival.com\/wp-content\/uploads\/2026\/03\/Philippe-Mollaret-768x768.jpg 768w, https:\/\/www.chamonixphotofestival.com\/wp-content\/uploads\/2026\/03\/Philippe-Mollaret-370x370.jpg 370w, https:\/\/www.chamonixphotofestival.com\/wp-content\/uploads\/2026\/03\/Philippe-Mollaret-120x120.jpg 120w, https:\/\/www.chamonixphotofestival.com\/wp-content\/uploads\/2026\/03\/Philippe-Mollaret-410x410.jpg 410w, https:\/\/www.chamonixphotofestival.com\/wp-content\/uploads\/2026\/03\/Philippe-Mollaret-600x600.jpg 600w\" sizes=\"(max-width: 800px) 100vw, 800px\" \/>\t\t\t\t\t\t\t\t\t\t\t\t\t\t\t<\/div>\n\t\t\t\t<\/div>\n\t\t\t\t<div class=\"elementor-element elementor-element-bec16c4 sc_fly_static elementor-widget elementor-widget-heading\" data-id=\"bec16c4\" data-element_type=\"widget\" data-e-type=\"widget\" data-widget_type=\"heading.default\">\n\t\t\t\t<div class=\"elementor-widget-container\">\n\t\t\t\t\t<h2 class=\"elementor-heading-title elementor-size-default\">Philippe Mollaret<\/h2>\t\t\t\t<\/div>\n\t\t\t\t<\/div>\n\t\t\t\t<div class=\"elementor-element elementor-element-4c08353 sc_fly_static elementor-widget elementor-widget-heading\" data-id=\"4c08353\" data-element_type=\"widget\" data-e-type=\"widget\" data-widget_type=\"heading.default\">\n\t\t\t\t<div class=\"elementor-widget-container\">\n\t\t\t\t\t<h3 class=\"elementor-heading-title elementor-size-default\">Organization<\/h3>\t\t\t\t<\/div>\n\t\t\t\t<\/div>\n\t\t\t\t<div class=\"elementor-element elementor-element-f0f13ca sc_fly_static elementor-widget elementor-widget-text-editor\" data-id=\"f0f13ca\" data-element_type=\"widget\" data-e-type=\"widget\" data-widget_type=\"text-editor.default\">\n\t\t\t\t<div class=\"elementor-widget-container\">\n\t\t\t\t\t\t\t\t\t<p>Our Parisian lad with Savoyard roots. A former sales director in the photography industry. He\u2019s in charge of finding partners. It\u2019s not always easy.\u00a0<\/p>\t\t\t\t\t\t\t\t<\/div>\n\t\t\t\t<\/div>\n\t\t\t\t<\/div>\n\t\t<div class=\"elementor-element elementor-element-fd8ccd9 e-con-full e-flex sc_layouts_column_icons_position_left e-con e-child\" data-id=\"fd8ccd9\" data-element_type=\"container\" data-e-type=\"container\">\n\t\t\t\t<div class=\"elementor-element elementor-element-3edc0ce sc_fly_static elementor-widget elementor-widget-image\" data-id=\"3edc0ce\" data-element_type=\"widget\" data-e-type=\"widget\" data-widget_type=\"image.default\">\n\t\t\t\t<div class=\"elementor-widget-container\">\n\t\t\t\t\t\t\t\t\t\t\t\t\t\t\t<img loading=\"lazy\" decoding=\"async\" width=\"800\" height=\"800\" src=\"https:\/\/www.chamonixphotofestival.com\/wp-content\/uploads\/2026\/03\/Amandine-Michel.jpg\" class=\"attachment-large size-large wp-image-28864\" alt=\"\" srcset=\"https:\/\/www.chamonixphotofestival.com\/wp-content\/uploads\/2026\/03\/Amandine-Michel.jpg 800w, https:\/\/www.chamonixphotofestival.com\/wp-content\/uploads\/2026\/03\/Amandine-Michel-300x300.jpg 300w, https:\/\/www.chamonixphotofestival.com\/wp-content\/uploads\/2026\/03\/Amandine-Michel-150x150.jpg 150w, https:\/\/www.chamonixphotofestival.com\/wp-content\/uploads\/2026\/03\/Amandine-Michel-768x768.jpg 768w, https:\/\/www.chamonixphotofestival.com\/wp-content\/uploads\/2026\/03\/Amandine-Michel-370x370.jpg 370w, https:\/\/www.chamonixphotofestival.com\/wp-content\/uploads\/2026\/03\/Amandine-Michel-120x120.jpg 120w, https:\/\/www.chamonixphotofestival.com\/wp-content\/uploads\/2026\/03\/Amandine-Michel-410x410.jpg 410w, https:\/\/www.chamonixphotofestival.com\/wp-content\/uploads\/2026\/03\/Amandine-Michel-600x600.jpg 600w\" sizes=\"(max-width: 800px) 100vw, 800px\" \/>\t\t\t\t\t\t\t\t\t\t\t\t\t\t\t<\/div>\n\t\t\t\t<\/div>\n\t\t\t\t<div class=\"elementor-element elementor-element-f6e92c7 sc_fly_static elementor-widget elementor-widget-heading\" data-id=\"f6e92c7\" data-element_type=\"widget\" data-e-type=\"widget\" data-widget_type=\"heading.default\">\n\t\t\t\t<div class=\"elementor-widget-container\">\n\t\t\t\t\t<h2 class=\"elementor-heading-title elementor-size-default\">Amandine Michel<\/h2>\t\t\t\t<\/div>\n\t\t\t\t<\/div>\n\t\t\t\t<div class=\"elementor-element elementor-element-45261da sc_fly_static elementor-widget elementor-widget-heading\" data-id=\"45261da\" data-element_type=\"widget\" data-e-type=\"widget\" data-widget_type=\"heading.default\">\n\t\t\t\t<div class=\"elementor-widget-container\">\n\t\t\t\t\t<h3 class=\"elementor-heading-title elementor-size-default\">Organization<\/h3>\t\t\t\t<\/div>\n\t\t\t\t<\/div>\n\t\t\t\t<\/div>\n\t\t\t\t\t<\/div>\n\t\t\t\t<\/div>\n\t\t\t\t<\/div>\n\t\t","protected":false},"excerpt":{"rendered":"<p>Association Chamonix Photo Nature Festival United by a shared passion, the project first emerged within&hellip;<\/p>\n","protected":false},"author":1,"featured_media":0,"parent":0,"menu_order":0,"comment_status":"closed","ping_status":"closed","template":"","meta":{"_acf_changed":false,"footnotes":""},"class_list":["post-24753","page","type-page","status-publish","hentry"],"yoast_head":"<!-- This site is optimized with the Yoast SEO plugin v27.3 - https:\/\/yoast.com\/product\/yoast-seo-wordpress\/ -->\n<title>The team - Chamonix Vall\u00e9e Photo Festival<\/title>\n<meta name=\"robots\" content=\"index, follow, max-snippet:-1, max-image-preview:large, max-video-preview:-1\" \/>\n<link rel=\"canonical\" href=\"https:\/\/www.chamonixphotofestival.com\/en\/the-team\/\" \/>\n<meta property=\"og:locale\" content=\"en_US\" \/>\n<meta property=\"og:type\" content=\"article\" \/>\n<meta property=\"og:title\" content=\"The team - Chamonix Vall\u00e9e Photo Festival\" \/>\n<meta property=\"og:description\" content=\"Association Chamonix Photo Nature Festival United by a shared passion, the project first emerged within&hellip;\" \/>\n<meta property=\"og:url\" content=\"https:\/\/www.chamonixphotofestival.com\/en\/the-team\/\" \/>\n<meta property=\"og:site_name\" content=\"Chamonix Vall\u00e9e Photo Festival\" \/>\n<meta property=\"article:publisher\" content=\"https:\/\/www.facebook.com\/chamonixphotofestival\" \/>\n<meta property=\"article:modified_time\" content=\"2026-04-24T07:59:20+00:00\" \/>\n<meta property=\"og:image\" content=\"https:\/\/www.chamonixphotofestival.com\/wp-content\/uploads\/2024\/09\/Nathalie_NB-3-1024x1020.jpg\" \/>\n<meta name=\"twitter:card\" content=\"summary_large_image\" \/>\n<meta name=\"twitter:label1\" content=\"Est. reading time\" \/>\n\t<meta name=\"twitter:data1\" content=\"6 minutes\" \/>\n<script type=\"application\/ld+json\" class=\"yoast-schema-graph\">{\"@context\":\"https:\\\/\\\/schema.org\",\"@graph\":[{\"@type\":\"WebPage\",\"@id\":\"https:\\\/\\\/www.chamonixphotofestival.com\\\/en\\\/the-team\\\/\",\"url\":\"https:\\\/\\\/www.chamonixphotofestival.com\\\/en\\\/the-team\\\/\",\"name\":\"The team - Chamonix Vall\u00e9e Photo Festival\",\"isPartOf\":{\"@id\":\"https:\\\/\\\/www.chamonixphotofestival.com\\\/en\\\/#website\"},\"primaryImageOfPage\":{\"@id\":\"https:\\\/\\\/www.chamonixphotofestival.com\\\/en\\\/the-team\\\/#primaryimage\"},\"image\":{\"@id\":\"https:\\\/\\\/www.chamonixphotofestival.com\\\/en\\\/the-team\\\/#primaryimage\"},\"thumbnailUrl\":\"https:\\\/\\\/www.chamonixphotofestival.com\\\/wp-content\\\/uploads\\\/2024\\\/09\\\/Nathalie_NB-3-1024x1020.jpg\",\"datePublished\":\"2023-05-04T15:53:09+00:00\",\"dateModified\":\"2026-04-24T07:59:20+00:00\",\"breadcrumb\":{\"@id\":\"https:\\\/\\\/www.chamonixphotofestival.com\\\/en\\\/the-team\\\/#breadcrumb\"},\"inLanguage\":\"en-US\",\"potentialAction\":[{\"@type\":\"ReadAction\",\"target\":[\"https:\\\/\\\/www.chamonixphotofestival.com\\\/en\\\/the-team\\\/\"]}]},{\"@type\":\"ImageObject\",\"inLanguage\":\"en-US\",\"@id\":\"https:\\\/\\\/www.chamonixphotofestival.com\\\/en\\\/the-team\\\/#primaryimage\",\"url\":\"https:\\\/\\\/www.chamonixphotofestival.com\\\/wp-content\\\/uploads\\\/2024\\\/09\\\/Nathalie_NB-3-1024x1020.jpg\",\"contentUrl\":\"https:\\\/\\\/www.chamonixphotofestival.com\\\/wp-content\\\/uploads\\\/2024\\\/09\\\/Nathalie_NB-3-1024x1020.jpg\"},{\"@type\":\"BreadcrumbList\",\"@id\":\"https:\\\/\\\/www.chamonixphotofestival.com\\\/en\\\/the-team\\\/#breadcrumb\",\"itemListElement\":[{\"@type\":\"ListItem\",\"position\":1,\"name\":\"Accueil\",\"item\":\"https:\\\/\\\/www.chamonixphotofestival.com\\\/en\\\/\"},{\"@type\":\"ListItem\",\"position\":2,\"name\":\"The team\"}]},{\"@type\":\"WebSite\",\"@id\":\"https:\\\/\\\/www.chamonixphotofestival.com\\\/en\\\/#website\",\"url\":\"https:\\\/\\\/www.chamonixphotofestival.com\\\/en\\\/\",\"name\":\"Chamonix Vall\u00e9e Photo Festival\",\"description\":\"Festival photo \u00e0 Chamonix Mont-Blanc\",\"publisher\":{\"@id\":\"https:\\\/\\\/www.chamonixphotofestival.com\\\/en\\\/#organization\"},\"potentialAction\":[{\"@type\":\"SearchAction\",\"target\":{\"@type\":\"EntryPoint\",\"urlTemplate\":\"https:\\\/\\\/www.chamonixphotofestival.com\\\/en\\\/?s={search_term_string}\"},\"query-input\":{\"@type\":\"PropertyValueSpecification\",\"valueRequired\":true,\"valueName\":\"search_term_string\"}}],\"inLanguage\":\"en-US\"},{\"@type\":\"Organization\",\"@id\":\"https:\\\/\\\/www.chamonixphotofestival.com\\\/en\\\/#organization\",\"name\":\"Chamonix Vall\u00e9e Photo Festival\",\"url\":\"https:\\\/\\\/www.chamonixphotofestival.com\\\/en\\\/\",\"logo\":{\"@type\":\"ImageObject\",\"inLanguage\":\"en-US\",\"@id\":\"https:\\\/\\\/www.chamonixphotofestival.com\\\/en\\\/#\\\/schema\\\/logo\\\/image\\\/\",\"url\":\"https:\\\/\\\/www.chamonixphotofestival.com\\\/wp-content\\\/uploads\\\/2023\\\/03\\\/chamonix-festival-vallee.png\",\"contentUrl\":\"https:\\\/\\\/www.chamonixphotofestival.com\\\/wp-content\\\/uploads\\\/2023\\\/03\\\/chamonix-festival-vallee.png\",\"width\":378,\"height\":158,\"caption\":\"Chamonix Vall\u00e9e Photo Festival\"},\"image\":{\"@id\":\"https:\\\/\\\/www.chamonixphotofestival.com\\\/en\\\/#\\\/schema\\\/logo\\\/image\\\/\"},\"sameAs\":[\"https:\\\/\\\/www.facebook.com\\\/chamonixphotofestival\",\"https:\\\/\\\/www.instagram.com\\\/chamonixphotofestival\\\/\"]}]}<\/script>\n<!-- \/ Yoast SEO plugin. -->","yoast_head_json":{"title":"The team - Chamonix Vall\u00e9e Photo Festival","robots":{"index":"index","follow":"follow","max-snippet":"max-snippet:-1","max-image-preview":"max-image-preview:large","max-video-preview":"max-video-preview:-1"},"canonical":"https:\/\/www.chamonixphotofestival.com\/en\/the-team\/","og_locale":"en_US","og_type":"article","og_title":"The team - Chamonix Vall\u00e9e Photo Festival","og_description":"Association Chamonix Photo Nature Festival United by a shared passion, the project first emerged within&hellip;","og_url":"https:\/\/www.chamonixphotofestival.com\/en\/the-team\/","og_site_name":"Chamonix Vall\u00e9e Photo Festival","article_publisher":"https:\/\/www.facebook.com\/chamonixphotofestival","article_modified_time":"2026-04-24T07:59:20+00:00","og_image":[{"url":"https:\/\/www.chamonixphotofestival.com\/wp-content\/uploads\/2024\/09\/Nathalie_NB-3-1024x1020.jpg","type":"","width":"","height":""}],"twitter_card":"summary_large_image","twitter_misc":{"Est. reading time":"6 minutes"},"schema":{"@context":"https:\/\/schema.org","@graph":[{"@type":"WebPage","@id":"https:\/\/www.chamonixphotofestival.com\/en\/the-team\/","url":"https:\/\/www.chamonixphotofestival.com\/en\/the-team\/","name":"The team - Chamonix Vall\u00e9e Photo Festival","isPartOf":{"@id":"https:\/\/www.chamonixphotofestival.com\/en\/#website"},"primaryImageOfPage":{"@id":"https:\/\/www.chamonixphotofestival.com\/en\/the-team\/#primaryimage"},"image":{"@id":"https:\/\/www.chamonixphotofestival.com\/en\/the-team\/#primaryimage"},"thumbnailUrl":"https:\/\/www.chamonixphotofestival.com\/wp-content\/uploads\/2024\/09\/Nathalie_NB-3-1024x1020.jpg","datePublished":"2023-05-04T15:53:09+00:00","dateModified":"2026-04-24T07:59:20+00:00","breadcrumb":{"@id":"https:\/\/www.chamonixphotofestival.com\/en\/the-team\/#breadcrumb"},"inLanguage":"en-US","potentialAction":[{"@type":"ReadAction","target":["https:\/\/www.chamonixphotofestival.com\/en\/the-team\/"]}]},{"@type":"ImageObject","inLanguage":"en-US","@id":"https:\/\/www.chamonixphotofestival.com\/en\/the-team\/#primaryimage","url":"https:\/\/www.chamonixphotofestival.com\/wp-content\/uploads\/2024\/09\/Nathalie_NB-3-1024x1020.jpg","contentUrl":"https:\/\/www.chamonixphotofestival.com\/wp-content\/uploads\/2024\/09\/Nathalie_NB-3-1024x1020.jpg"},{"@type":"BreadcrumbList","@id":"https:\/\/www.chamonixphotofestival.com\/en\/the-team\/#breadcrumb","itemListElement":[{"@type":"ListItem","position":1,"name":"Accueil","item":"https:\/\/www.chamonixphotofestival.com\/en\/"},{"@type":"ListItem","position":2,"name":"The team"}]},{"@type":"WebSite","@id":"https:\/\/www.chamonixphotofestival.com\/en\/#website","url":"https:\/\/www.chamonixphotofestival.com\/en\/","name":"Chamonix Vall\u00e9e Photo Festival","description":"Festival photo \u00e0 Chamonix Mont-Blanc","publisher":{"@id":"https:\/\/www.chamonixphotofestival.com\/en\/#organization"},"potentialAction":[{"@type":"SearchAction","target":{"@type":"EntryPoint","urlTemplate":"https:\/\/www.chamonixphotofestival.com\/en\/?s={search_term_string}"},"query-input":{"@type":"PropertyValueSpecification","valueRequired":true,"valueName":"search_term_string"}}],"inLanguage":"en-US"},{"@type":"Organization","@id":"https:\/\/www.chamonixphotofestival.com\/en\/#organization","name":"Chamonix Vall\u00e9e Photo Festival","url":"https:\/\/www.chamonixphotofestival.com\/en\/","logo":{"@type":"ImageObject","inLanguage":"en-US","@id":"https:\/\/www.chamonixphotofestival.com\/en\/#\/schema\/logo\/image\/","url":"https:\/\/www.chamonixphotofestival.com\/wp-content\/uploads\/2023\/03\/chamonix-festival-vallee.png","contentUrl":"https:\/\/www.chamonixphotofestival.com\/wp-content\/uploads\/2023\/03\/chamonix-festival-vallee.png","width":378,"height":158,"caption":"Chamonix Vall\u00e9e Photo Festival"},"image":{"@id":"https:\/\/www.chamonixphotofestival.com\/en\/#\/schema\/logo\/image\/"},"sameAs":["https:\/\/www.facebook.com\/chamonixphotofestival","https:\/\/www.instagram.com\/chamonixphotofestival\/"]}]}},"acf":[],"_links":{"self":[{"href":"https:\/\/www.chamonixphotofestival.com\/en\/wp-json\/wp\/v2\/pages\/24753","targetHints":{"allow":["GET"]}}],"collection":[{"href":"https:\/\/www.chamonixphotofestival.com\/en\/wp-json\/wp\/v2\/pages"}],"about":[{"href":"https:\/\/www.chamonixphotofestival.com\/en\/wp-json\/wp\/v2\/types\/page"}],"author":[{"embeddable":true,"href":"https:\/\/www.chamonixphotofestival.com\/en\/wp-json\/wp\/v2\/users\/1"}],"replies":[{"embeddable":true,"href":"https:\/\/www.chamonixphotofestival.com\/en\/wp-json\/wp\/v2\/comments?post=24753"}],"version-history":[{"count":44,"href":"https:\/\/www.chamonixphotofestival.com\/en\/wp-json\/wp\/v2\/pages\/24753\/revisions"}],"predecessor-version":[{"id":28884,"href":"https:\/\/www.chamonixphotofestival.com\/en\/wp-json\/wp\/v2\/pages\/24753\/revisions\/28884"}],"wp:attachment":[{"href":"https:\/\/www.chamonixphotofestival.com\/en\/wp-json\/wp\/v2\/media?parent=24753"}],"curies":[{"name":"wp","href":"https:\/\/api.w.org\/{rel}","templated":true}]}}